{"id":39,"date":"2010-03-30T17:21:45","date_gmt":"2010-03-30T17:21:45","guid":{"rendered":"http:\/\/www.orlux-ag.ch\/?page_id=39"},"modified":"2025-12-17T03:11:58","modified_gmt":"2025-12-17T01:11:58","slug":"kooperationen-und-links","status":"publish","type":"page","link":"https:\/\/www.orlux-ag.ch\/?page_id=39","title":{"rendered":"Kooperationen + Links"},"content":{"rendered":"<p><a href=\"https:\/\/www.bag.admin.ch\/bag\/de\/home.html\" target=\"_blank\" rel=\"noopener noreferrer\">Bundesamt f\u00fcr Gesundheit<\/a><\/p>\n<p><a href=\"http:\/\/fu-berlin.de\" target=\"_blank\" rel=\"noopener noreferrer\">Freie Universit\u00e4t Berlin<\/a><\/p>\n<p>Schweizerische Ges. f. Soziologie: Rechtssoziologie und Rechtswirklichkeitsforschung\u00a0 <a title=\"SAGW\/SGS\" href=\"https:\/\/www.sgs-sss.ch\/forschungskomitees\/rechtssoziologie-und-rechtswirklichkeitsforschung\/\" target=\"_blank\" rel=\"noopener noreferrer\">Rechtssoziologie und Rechtswirklichkeitsforschung<\/a><\/p>\n<p><a href=\"https:\/\/www.suz.uzh.ch\/de\/institut\/pd\/estermann\/cv.html\" target=\"_blank\" rel=\"noopener noreferrer\">Universit\u00e4t Z\u00fcrich<\/a><\/p>\n<p><a href=\"http:\/\/www.collodi.ch\" target=\"_blank\" rel=\"noopener noreferrer\">Podere Collodi, das \u00f6kologische Bildungshaus, Gaiole in Chianti<\/a><\/p>\n<p>Kongress &#8222;Abschaffung des Rechts&#8220; <a href=\"https:\/\/easychair.org\/smart-program\/basel2018\/\" target=\"_blank\" rel=\"noopener noreferrer\"> Basel 2018<\/a><\/p>\n<p>Kongress &#8222;Wie wirkt Recht?&#8220;\u00a0 <a href=\"http:\/\/www.recht-und-gesellschaft.info\/luzern2008\" target=\"_blank\" rel=\"noopener noreferrer\"> Luzern 2008<\/a><\/p>\n<p>Kongress &#8222;Der Kampf ums Recht&#8220;\u00a0 <a title=\"IRKS\" href=\"http:\/\/www.irks.at\/ocs\/index.php\/kur\/cfs\" target=\"_blank\" rel=\"noopener noreferrer\"> Wien 2011<\/a><\/p>\n<p><a href=\"http:\/\/www.zh.ch\" target=\"_blank\" rel=\"noopener noreferrer\">Kanton Z\u00fcrich<\/a><\/p>\n<p>Schweizerische Ges. f. Soziologie: Rechtssoziologie und Rechtswirklichkeitsforschung\u00a0 <a title=\"SAGW\/SGS\" href=\"https:\/\/www.sgs-sss.ch\/forschungskomitees\/rechtssoziologie-und-rechtswirklichkeitsforschung\/\" target=\"_blank\" rel=\"noopener noreferrer\">Rechtssoziologie und Rechtswirklichkeitsforschung<\/a><\/p>\n<p><a href=\"https:\/\/www.verarothamel.ch\/\" target=\"_blank\" rel=\"noopener noreferrer\">Atelier Rothamel<\/a><\/p>\n<p><a href=\"http:\/\/www.soz.univie.ac.at\/\" target=\"_blank\" rel=\"noopener noreferrer\">Universit\u00e4t Wien<\/a><\/p>\n<p><a href=\"https:\/\/www.vicesse.eu\" target=\"_blank\" rel=\"noopener noreferrer\">Vicesse<\/a><\/p>\n<p><a title=\"Kunst-Forum\" href=\"http:\/\/www.kunst-forum.ch\/html\/detail.asp?PersonID=202\" target=\"_blank\" rel=\"noopener noreferrer\">Visarte Zentralschweiz, Kunstforum<\/a><\/p>\n\n\n<p><\/p>\n","protected":false},"excerpt":{"rendered":"<p>Bundesamt f\u00fcr Gesundheit Freie Universit\u00e4t Berlin Schweizerische Ges. f. Soziologie: Rechtssoziologie und Rechtswirklichkeitsforschung\u00a0 Rechtssoziologie und Rechtswirklichkeitsforschung Universit\u00e4t Z\u00fcrich Podere Collodi, das \u00f6kologische Bildungshaus, Gaiole in Chianti Kongress &#8222;Abschaffung des Rechts&#8220; Basel 2018 Kongress &#8222;Wie wirkt Recht?&#8220;\u00a0 Luzern 2008 Kongress &#8222;Der Kampf ums Recht&#8220;\u00a0 Wien 2011 Kanton Z\u00fcrich Schweizerische Ges. f. Soziologie: Rechtssoziologie und Rechtswirklichkeitsforschung\u00a0 Rechtssoziologie &hellip; <a href=\"https:\/\/www.orlux-ag.ch\/?page_id=39\" class=\"more-link\"><span class=\"screen-reader-text\">Kooperationen + Links<\/span> weiterlesen <span class=\"meta-nav\">&rarr;<\/span><\/a><\/p>\n","protected":false},"author":2,"featured_media":0,"parent":0,"menu_order":2,"comment_status":"closed","ping_status":"closed","template":"","meta":{"footnotes":""},"class_list":["post-39","page","type-page","status-publish","hentry"],"_links":{"self":[{"href":"https:\/\/www.orlux-ag.ch\/index.php?rest_route=\/wp\/v2\/pages\/39","targetHints":{"allow":["GET"]}}],"collection":[{"href":"https:\/\/www.orlux-ag.ch\/index.php?rest_route=\/wp\/v2\/pages"}],"about":[{"href":"https:\/\/www.orlux-ag.ch\/index.php?rest_route=\/wp\/v2\/types\/page"}],"author":[{"embeddable":true,"href":"https:\/\/www.orlux-ag.ch\/index.php?rest_route=\/wp\/v2\/users\/2"}],"replies":[{"embeddable":true,"href":"https:\/\/www.orlux-ag.ch\/index.php?rest_route=%2Fwp%2Fv2%2Fcomments&post=39"}],"version-history":[{"count":24,"href":"https:\/\/www.orlux-ag.ch\/index.php?rest_route=\/wp\/v2\/pages\/39\/revisions"}],"predecessor-version":[{"id":3756,"href":"https:\/\/www.orlux-ag.ch\/index.php?rest_route=\/wp\/v2\/pages\/39\/revisions\/3756"}],"wp:attachment":[{"href":"https:\/\/www.orlux-ag.ch\/index.php?rest_route=%2Fwp%2Fv2%2Fmedia&parent=39"}],"curies":[{"name":"wp","href":"https:\/\/api.w.org\/{rel}","templated":true}]}}